{"id":109,"date":"2013-09-18T16:54:48","date_gmt":"2013-09-18T16:54:48","guid":{"rendered":"http:\/\/fccorporate.wpengine.com\/wordpress\/?page_id=109"},"modified":"2026-01-19T13:35:54","modified_gmt":"2026-01-19T12:35:54","slug":"die-offizielle-firmenhomepage-der-fotocommunity-gmbh","status":"publish","type":"page","link":"https:\/\/fotocommunity.net\/de\/","title":{"rendered":"Wir unternehmen Gemeinschaft"},"content":{"rendered":"[vc_row type=&#8220;full_width_background&#8220; full_screen_row_position=&#8220;middle&#8220; bg_image=&#8220;875&#8243; bg_position=&#8220;left top&#8220; bg_repeat=&#8220;no-repeat&#8220; parallax_bg=&#8220;true&#8220; parallax_bg_speed=&#8220;medium&#8220; bg_color=&#8220;#333333&#8243; scene_position=&#8220;center&#8220; text_color=&#8220;light&#8220; text_align=&#8220;left&#8220; top_padding=&#8220;15%&#8220; bottom_padding=&#8220;15%&#8220; color_overlay=&#8220;#6d6d6d&#8220; overlay_strength=&#8220;0.5&#8243; shape_divider_position=&#8220;bottom&#8220; shape_type=&#8220;&#8220;][vc_column centered_text=&#8220;true&#8220; column_padding=&#8220;no-extra-padding&#8220; column_padding_position=&#8220;all&#8220; background_color_opacity=&#8220;1&#8243; background_hover_color_opacity=&#8220;1&#8243; column_shadow=&#8220;none&#8220; column_border_radius=&#8220;none&#8220; width=&#8220;1\/6&#8243; tablet_text_alignment=&#8220;default&#8220; phone_text_alignment=&#8220;default&#8220; column_border_width=&#8220;none&#8220; column_border_style=&#8220;solid&#8220;][\/vc_column][vc_column centered_text=&#8220;true&#8220; column_padding=&#8220;no-extra-padding&#8220; column_padding_position=&#8220;all&#8220; background_color_opacity=&#8220;1&#8243; background_hover_color_opacity=&#8220;1&#8243; column_shadow=&#8220;none&#8220; column_border_radius=&#8220;none&#8220; width=&#8220;2\/3&#8243; tablet_text_alignment=&#8220;default&#8220; phone_text_alignment=&#8220;default&#8220; column_border_width=&#8220;none&#8220; column_border_style=&#8220;solid&#8220;][split_line_heading]\n<h2>Wir sind Deine fotocommunity!<\/h2>\n<h3>fotocommunity.de \u2013 Eine Plattform der Five Monkeys Group<\/h3>\n[\/split_line_heading][vc_row_inner column_margin=&#8220;default&#8220; text_align=&#8220;left&#8220;][vc_column_inner enable_animation=&#8220;true&#8220; animation=&#8220;fade-in-from-bottom&#8220; column_padding=&#8220;no-extra-padding&#8220; column_padding_position=&#8220;all&#8220; background_color_opacity=&#8220;1&#8243; background_hover_color_opacity=&#8220;1&#8243; column_shadow=&#8220;none&#8220; column_border_radius=&#8220;none&#8220; width=&#8220;1\/1&#8243; column_border_width=&#8220;none&#8220; column_border_style=&#8220;solid&#8220; delay=&#8220;450&#8243;][vc_column_text]\n<div id=\"fws_60060227704c7\" class=\"wpb_row vc_row-fluid vc_row standard_section \" data-midnight=\"dark\" data-bg-mobile-hidden=\"\">\n<div class=\"col span_12 dark left\">\n<div class=\"vc_col-sm-12 wpb_column column_container vc_column_container col no-extra-padding instance-0\" data-border-radius=\"none\" data-shadow=\"none\" data-border-animation=\"\" data-border-animation-delay=\"\" data-border-width=\"none\" data-border-style=\"solid\" data-border-color=\"\" data-bg-cover=\"\" data-padding-pos=\"all\" data-has-bg-color=\"false\" data-bg-color=\"\" data-bg-opacity=\"1\" data-hover-bg=\"\" data-hover-bg-opacity=\"1\" data-animation=\"\" data-delay=\"0\">\n<div class=\"vc_column-inner\">\n<div class=\"wpb_wrapper\">\n<div class=\"wpb_text_column wpb_content_element \">\n<div class=\"wpb_wrapper\">\n<p>Ein Foto l\u00f6st etwas aus. Inspiration. Emotion. Diskussion. Durch den Austausch entsteht eine Gemeinschaft. Durch den Austausch innerhalb der Gemeinschaft entsteht das bessere Bild. Die fotocommunity ist eine Gemeinschaft f\u00fcr Bildenthusiasten. Mit 20 Millionen besseren Bildern.<\/p>\n<\/div>\n<\/div>\n<\/div>\n<\/div>\n<\/div>\n<\/div>\n<\/div>\n<div id=\"fws_6006022770ff2\" class=\"wpb_row vc_row-fluid vc_row standard_section \" data-midnight=\"dark\" data-bg-mobile-hidden=\"\">\n<div class=\"row-bg-wrap instance-1\">\n<div class=\"inner-wrap\"><\/div>\n<\/div>\n<\/div>\n[\/vc_column_text][nectar_btn size=&#8220;large&#8220; open_new_tab=&#8220;true&#8220; button_style=&#8220;see-through&#8220; button_color_2=&#8220;Accent-Color&#8220; icon_family=&#8220;iconsmind&#8220; url=&#8220;https:\/\/fotocommunity.net\/de\/presse\/hintergrundinformationen\/&#8220; text=&#8220;\u00dcber uns&#8220; margin_top=&#8220;10&#8243; margin_right=&#8220;10&#8243; margin_bottom=&#8220;10&#8243; margin_left=&#8220;10&#8243; icon_iconsmind=&#8220;iconsmind-Triangle-ArrowRight&#8220;][nectar_btn size=&#8220;large&#8220; open_new_tab=&#8220;true&#8220; button_style=&#8220;regular&#8220; button_color_2=&#8220;Accent-Color&#8220; color_override=&#8220;#3e8ee9&#8243; icon_family=&#8220;iconsmind&#8220; url=&#8220;https:\/\/www.fotocommunity.de\/&#8220; text=&#8220;zur fotocommunity&#8220; margin_top=&#8220;10&#8243; margin_right=&#8220;10&#8243; margin_bottom=&#8220;10&#8243; margin_left=&#8220;10&#8243; icon_iconsmind=&#8220;iconsmind-Triangle-ArrowRight&#8220;][\/vc_column_inner][\/vc_row_inner][\/vc_column][vc_column column_padding=&#8220;no-extra-padding&#8220; column_padding_position=&#8220;all&#8220; background_color_opacity=&#8220;1&#8243; background_hover_color_opacity=&#8220;1&#8243; column_shadow=&#8220;none&#8220; column_border_radius=&#8220;none&#8220; width=&#8220;1\/6&#8243; tablet_text_alignment=&#8220;default&#8220; phone_text_alignment=&#8220;default&#8220; column_border_width=&#8220;none&#8220; column_border_style=&#8220;solid&#8220;][\/vc_column][\/vc_row][vc_row type=&#8220;in_container&#8220; full_screen_row_position=&#8220;middle&#8220; scene_position=&#8220;center&#8220; text_color=&#8220;dark&#8220; text_align=&#8220;left&#8220; overlay_strength=&#8220;0.3&#8243; shape_divider_position=&#8220;bottom&#8220;][vc_column column_padding=&#8220;no-extra-padding&#8220; column_padding_position=&#8220;all&#8220; background_color_opacity=&#8220;1&#8243; background_hover_color_opacity=&#8220;1&#8243; column_shadow=&#8220;none&#8220; column_border_radius=&#8220;none&#8220; width=&#8220;1\/1&#8243; tablet_text_alignment=&#8220;default&#8220; phone_text_alignment=&#8220;default&#8220; column_border_width=&#8220;none&#8220; column_border_style=&#8220;solid&#8220;]\r\n    <div class=\"col span_12 section-title text-align-center extra-padding\">\r\n\t\t<h2>\n<h3>Unsere Angebote<\/h3>\n<\/h2><\/div><div class=\"clear\"><\/div>[\/vc_column][\/vc_row][vc_row type=&#8220;in_container&#8220; full_screen_row_position=&#8220;middle&#8220; scene_position=&#8220;center&#8220; text_color=&#8220;dark&#8220; text_align=&#8220;left&#8220; overlay_strength=&#8220;0.3&#8243; shape_divider_position=&#8220;bottom&#8220;][vc_column column_padding=&#8220;no-extra-padding&#8220; column_padding_position=&#8220;all&#8220; background_color_opacity=&#8220;1&#8243; background_hover_color_opacity=&#8220;1&#8243; column_shadow=&#8220;none&#8220; column_border_radius=&#8220;none&#8220; width=&#8220;1\/3&#8243; tablet_text_alignment=&#8220;default&#8220; phone_text_alignment=&#8220;default&#8220; column_border_width=&#8220;none&#8220; column_border_style=&#8220;solid&#8220;][vc_row_inner column_margin=&#8220;default&#8220; text_align=&#8220;left&#8220;][vc_column_inner column_padding=&#8220;no-extra-padding&#8220; column_padding_position=&#8220;all&#8220; background_color_opacity=&#8220;1&#8243; background_hover_color_opacity=&#8220;1&#8243; column_shadow=&#8220;none&#8220; column_border_radius=&#8220;none&#8220; width=&#8220;1\/1&#8243; column_border_width=&#8220;none&#8220; column_border_style=&#8220;solid&#8220;]<div class=\"img-with-aniamtion-wrap center\" data-max-width=\"100%\" data-border-radius=\"none\"><div class=\"inner\"><a href=\"https:\/\/www.fotocommunity.de\/\" target=\"_blank\" class=\"center\"><img loading=\"lazy\" decoding=\"async\" data-shadow=\"medium_depth\" data-shadow-direction=\"middle\" class=\"img-with-animation \" data-delay=\"0\" height=\"453\" width=\"320\" data-animation=\"fade-in\" src=\"https:\/\/fotocommunity.net\/wp-content\/uploads\/2022\/12\/fc-homepage.jpeg\" srcset=\"https:\/\/fotocommunity.net\/wp-content\/uploads\/2022\/12\/fc-homepage.jpeg 320w, https:\/\/fotocommunity.net\/wp-content\/uploads\/2022\/12\/fc-homepage-212x300.jpeg 212w\" sizes=\"auto, 100vw\" alt=\"fotocommunity Startseite\" \/><\/a><\/div><\/div>[\/vc_column_inner][\/vc_row_inner][vc_column_text]fotocommunity.de ist mit 1,7 Mio. registrierten Mitgliedern und \u00fcber 20 Mio. ver\u00f6ffentlichten Bildern in 5 Sprachen eine der gr\u00f6\u00dften Fotografen-Plattformen in Europa.[\/vc_column_text]<div class=\"divider-wrap\"><div style=\"height: 20px;\" class=\"divider\"><\/div><\/div>[\/vc_column][vc_column column_padding=&#8220;no-extra-padding&#8220; column_padding_position=&#8220;all&#8220; background_color_opacity=&#8220;1&#8243; background_hover_color_opacity=&#8220;1&#8243; column_shadow=&#8220;none&#8220; column_border_radius=&#8220;none&#8220; width=&#8220;1\/3&#8243; tablet_text_alignment=&#8220;default&#8220; phone_text_alignment=&#8220;default&#8220; column_border_width=&#8220;none&#8220; column_border_style=&#8220;solid&#8220;][vc_row_inner column_margin=&#8220;default&#8220; text_align=&#8220;left&#8220;][vc_column_inner column_padding=&#8220;no-extra-padding&#8220; column_padding_position=&#8220;all&#8220; background_color_opacity=&#8220;1&#8243; background_hover_color_opacity=&#8220;1&#8243; column_shadow=&#8220;none&#8220; column_border_radius=&#8220;none&#8220; width=&#8220;1\/1&#8243; column_border_width=&#8220;none&#8220; column_border_style=&#8220;solid&#8220;]<div class=\"img-with-aniamtion-wrap center\" data-max-width=\"100%\" data-border-radius=\"none\"><div class=\"inner\"><a href=\"http:\/\/fotoschule.fotocommunity.de\" target=\"_blank\" class=\"center\"><img loading=\"lazy\" decoding=\"async\" data-shadow=\"medium_depth\" data-shadow-direction=\"middle\" class=\"img-with-animation \" data-delay=\"0\" height=\"453\" width=\"320\" data-animation=\"fade-in\" src=\"https:\/\/fotocommunity.net\/wp-content\/uploads\/2022\/12\/fc-fotoschule.jpeg\" srcset=\"https:\/\/fotocommunity.net\/wp-content\/uploads\/2022\/12\/fc-fotoschule.jpeg 320w, https:\/\/fotocommunity.net\/wp-content\/uploads\/2022\/12\/fc-fotoschule-212x300.jpeg 212w\" sizes=\"auto, 100vw\" alt=\"fotocommunity Fotoschule\" \/><\/a><\/div><\/div>[\/vc_column_inner][\/vc_row_inner][vc_column_text]Die fotocommunity Fotoschule bietet Online-Fotokurse, kostenlose Fotografie-Tutorials und die aktuellsten Nachrichten aus der Welt der Fotografie.[\/vc_column_text]<div class=\"divider-wrap\"><div style=\"height: 20px;\" class=\"divider\"><\/div><\/div>[\/vc_column][vc_column column_padding=&#8220;no-extra-padding&#8220; column_padding_position=&#8220;all&#8220; background_color_opacity=&#8220;1&#8243; background_hover_color_opacity=&#8220;1&#8243; column_shadow=&#8220;none&#8220; column_border_radius=&#8220;none&#8220; width=&#8220;1\/3&#8243; tablet_text_alignment=&#8220;default&#8220; phone_text_alignment=&#8220;default&#8220; column_border_width=&#8220;none&#8220; column_border_style=&#8220;solid&#8220;][vc_row_inner column_margin=&#8220;default&#8220; text_align=&#8220;left&#8220;][vc_column_inner column_padding=&#8220;no-extra-padding&#8220; column_padding_position=&#8220;all&#8220; background_color_opacity=&#8220;1&#8243; background_hover_color_opacity=&#8220;1&#8243; column_shadow=&#8220;none&#8220; column_border_radius=&#8220;none&#8220; width=&#8220;1\/1&#8243; column_border_width=&#8220;none&#8220; column_border_style=&#8220;solid&#8220;]<div class=\"img-with-aniamtion-wrap center\" data-max-width=\"100%\" data-border-radius=\"none\"><div class=\"inner\"><a href=\"https:\/\/abo.colorfoto.de\/\" target=\"_blank\" class=\"center\"><img loading=\"lazy\" decoding=\"async\" data-shadow=\"medium_depth\" data-shadow-direction=\"middle\" class=\"img-with-animation \" data-delay=\"0\" height=\"453\" width=\"320\" data-animation=\"fade-in\" src=\"https:\/\/fotocommunity.net\/wp-content\/uploads\/2021\/07\/fc-colorfoto.jpg\" srcset=\"https:\/\/fotocommunity.net\/wp-content\/uploads\/2021\/07\/fc-colorfoto.jpg 320w, https:\/\/fotocommunity.net\/wp-content\/uploads\/2021\/07\/fc-colorfoto-212x300.jpg 212w\" sizes=\"auto, 100vw\" alt=\"fotocommunity Magazin\" \/><\/a><\/div><\/div>[\/vc_column_inner][\/vc_row_inner][vc_column_text]Das fotocommunity Magazin ist das f\u00fchrende Medium f\u00fcr professionelle Kamera- und Objektivtests mit einem Praxisteil und Informationen aus der fotocommunity.[\/vc_column_text]<div class=\"divider-wrap\"><div style=\"height: 20px;\" class=\"divider\"><\/div><\/div>[\/vc_column][\/vc_row][vc_row type=&#8220;in_container&#8220; full_screen_row_position=&#8220;middle&#8220; scene_position=&#8220;center&#8220; text_color=&#8220;dark&#8220; text_align=&#8220;left&#8220; overlay_strength=&#8220;0.3&#8243; shape_divider_position=&#8220;bottom&#8220;][vc_column column_padding=&#8220;no-extra-padding&#8220; column_padding_position=&#8220;all&#8220; background_color_opacity=&#8220;1&#8243; background_hover_color_opacity=&#8220;1&#8243; column_shadow=&#8220;none&#8220; column_border_radius=&#8220;none&#8220; width=&#8220;1\/1&#8243; tablet_text_alignment=&#8220;default&#8220; phone_text_alignment=&#8220;default&#8220; column_border_width=&#8220;none&#8220; column_border_style=&#8220;solid&#8220;]<div class=\"divider-wrap\"><div style=\"height: 25px;\" class=\"divider\"><\/div><\/div>[\/vc_column][\/vc_row][vc_row type=&#8220;in_container&#8220; full_screen_row_position=&#8220;middle&#8220; scene_position=&#8220;center&#8220; text_color=&#8220;dark&#8220; text_align=&#8220;left&#8220; overlay_strength=&#8220;0.3&#8243; shape_divider_position=&#8220;bottom&#8220;][vc_column column_padding=&#8220;no-extra-padding&#8220; column_padding_position=&#8220;all&#8220; background_color_opacity=&#8220;1&#8243; background_hover_color_opacity=&#8220;1&#8243; column_shadow=&#8220;none&#8220; column_border_radius=&#8220;none&#8220; width=&#8220;1\/1&#8243; tablet_text_alignment=&#8220;default&#8220; phone_text_alignment=&#8220;default&#8220; column_border_width=&#8220;none&#8220; column_border_style=&#8220;solid&#8220;]\r\n    <div class=\"col span_12 section-title text-align-center extra-padding\">\r\n\t\t<h2>\n<h3 style=\"text-align: center;\">Neues\u00a0aus der fotocommunity<\/h3>\n<\/h2><\/div><div class=\"clear\"><\/div>[\/vc_column][\/vc_row][vc_row type=&#8220;in_container&#8220; full_screen_row_position=&#8220;middle&#8220; scene_position=&#8220;center&#8220; text_color=&#8220;dark&#8220; text_align=&#8220;left&#8220; overlay_strength=&#8220;0.3&#8243; shape_divider_position=&#8220;bottom&#8220;][vc_column column_padding=&#8220;no-extra-padding&#8220; column_padding_position=&#8220;all&#8220; background_color_opacity=&#8220;1&#8243; background_hover_color_opacity=&#8220;1&#8243; column_shadow=&#8220;none&#8220; column_border_radius=&#8220;none&#8220; width=&#8220;1\/2&#8243; tablet_text_alignment=&#8220;default&#8220; phone_text_alignment=&#8220;default&#8220; column_border_width=&#8220;none&#8220; column_border_style=&#8220;solid&#8220;][vc_column_text]<div class=\"wp-rss-template-container\" data-wpra-template=\"default\" data-template-ctx=\"eyJmZWVkcyI6Im5ld3MifQ==\">\n    <div class=\"wp-rss-aggregator wpra-list-template  \" data-page=\"1\">\n    \n    \n<ul class=\"wpra-item-list rss-aggregator wpra-item-list--bullets wpra-item-list--default\"\n    start=\"1\">\n                        <li class=\"wpra-item feed-item \">\n            \n            \n\n    <a  href=\"http:\/\/www.fotocommunity.de\/blog\/verschiedenes\/683828\" target=\"_blank\"  class=\"\">Der Blog der fotocommunity ist umgezogen!<\/a>\n\n\n\n\n\n\n<div class=\"wprss-feed-meta\">\n    \n            <span class=\"feed-date\">\n             2022-10-07\n        <\/span>\n    \n    <\/div>\n\n\n\n\n\n            \n        <\/li>\n                    <li class=\"wpra-item feed-item \">\n            \n            \n\n    <a  href=\"http:\/\/www.fotocommunity.de\/blog\/verschiedenes\/aufs-auge-konzerte\" target=\"_blank\"  class=\"\">Aufs Auge: Licht und Schatten<\/a>\n\n\n\n\n\n\n<div class=\"wprss-feed-meta\">\n    \n            <span class=\"feed-date\">\n             2022-09-27\n        <\/span>\n    \n    <\/div>\n\n\n\n\n\n            \n        <\/li>\n                    <li class=\"wpra-item feed-item \">\n            \n            \n\n    <a  href=\"http:\/\/www.fotocommunity.de\/blog\/verschiedenes\/konzerte\" target=\"_blank\"  class=\"\">Aufs Auge: Kulinarisches<\/a>\n\n\n\n\n\n\n<div class=\"wprss-feed-meta\">\n    \n            <span class=\"feed-date\">\n             2022-09-27\n        <\/span>\n    \n    <\/div>\n\n\n\n\n\n            \n        <\/li>\n                    <li class=\"wpra-item feed-item \">\n            \n            \n\n    <a  href=\"http:\/\/www.fotocommunity.de\/blog\/verschiedenes\/der-fotografische-rueckblick-februar-2022-2-2-3\" target=\"_blank\"  class=\"\">Der fotografische R\u00fcckblick Juni 2022<\/a>\n\n\n\n\n\n\n<div class=\"wprss-feed-meta\">\n    \n            <span class=\"feed-date\">\n             2022-07-04\n        <\/span>\n    \n    <\/div>\n\n\n\n\n\n            \n        <\/li>\n        <\/ul>\n\n        \n<\/div>\n\n<\/div>\n[\/vc_column_text][\/vc_column][vc_column column_padding=&#8220;no-extra-padding&#8220; column_padding_position=&#8220;all&#8220; background_color_opacity=&#8220;1&#8243; background_hover_color_opacity=&#8220;1&#8243; column_shadow=&#8220;none&#8220; column_border_radius=&#8220;none&#8220; width=&#8220;1\/2&#8243; tablet_text_alignment=&#8220;default&#8220; phone_text_alignment=&#8220;default&#8220; column_border_width=&#8220;none&#8220; column_border_style=&#8220;solid&#8220;][vc_raw_html]JTVCd3AtcnNzLWFnZ3JlZ2F0b3IlMjBmZWVkcyUzRCUyMmZvdG9zY2h1bGUtZmVlZCUyMiU1RA==[\/vc_raw_html][\/vc_column][\/vc_row][vc_row type=&#8220;in_container&#8220; full_screen_row_position=&#8220;middle&#8220; scene_position=&#8220;center&#8220; text_color=&#8220;dark&#8220; text_align=&#8220;left&#8220; overlay_strength=&#8220;0.3&#8243; shape_divider_position=&#8220;bottom&#8220;][vc_column column_padding=&#8220;no-extra-padding&#8220; column_padding_position=&#8220;all&#8220; background_color_opacity=&#8220;1&#8243; background_hover_color_opacity=&#8220;1&#8243; column_shadow=&#8220;none&#8220; column_border_radius=&#8220;none&#8220; width=&#8220;1\/1&#8243; tablet_text_alignment=&#8220;default&#8220; phone_text_alignment=&#8220;default&#8220; column_border_width=&#8220;none&#8220; column_border_style=&#8220;solid&#8220;]<div class=\"divider-wrap\"><div style=\"height: 25px;\" class=\"divider\"><\/div><\/div>[\/vc_column][\/vc_row][vc_row type=&#8220;in_container&#8220; full_screen_row_position=&#8220;middle&#8220; scene_position=&#8220;center&#8220; text_color=&#8220;dark&#8220; text_align=&#8220;left&#8220; overlay_strength=&#8220;0.3&#8243; shape_divider_position=&#8220;bottom&#8220;][vc_column column_padding=&#8220;no-extra-padding&#8220; column_padding_position=&#8220;all&#8220; background_color_opacity=&#8220;1&#8243; background_hover_color_opacity=&#8220;1&#8243; column_shadow=&#8220;none&#8220; column_border_radius=&#8220;none&#8220; width=&#8220;1\/1&#8243; tablet_text_alignment=&#8220;default&#8220; phone_text_alignment=&#8220;default&#8220; column_border_width=&#8220;none&#8220; column_border_style=&#8220;solid&#8220;]\r\n    <div class=\"col span_12 section-title text-align-center extra-padding\">\r\n\t\t<h2>Ein Bild, tausend Worte.<\/h2><\/div><div class=\"clear\"><\/div>[\/vc_column][\/vc_row][vc_row type=&#8220;in_container&#8220; full_screen_row_position=&#8220;middle&#8220; scene_position=&#8220;center&#8220; text_color=&#8220;dark&#8220; text_align=&#8220;left&#8220; overlay_strength=&#8220;0.3&#8243; shape_divider_position=&#8220;bottom&#8220;][vc_column column_padding=&#8220;no-extra-padding&#8220; column_padding_position=&#8220;all&#8220; background_color_opacity=&#8220;1&#8243; background_hover_color_opacity=&#8220;1&#8243; column_shadow=&#8220;none&#8220; column_border_radius=&#8220;none&#8220; width=&#8220;1\/2&#8243; tablet_text_alignment=&#8220;default&#8220; phone_text_alignment=&#8220;default&#8220; column_border_width=&#8220;none&#8220; column_border_style=&#8220;solid&#8220;][vc_column_text]\n<p style=\"text-align: left;\">Die fotocommunity schafft in erster Linie Zusammengeh\u00f6rigkeit unter Gleichgesinnten. Wir bieten Foto-Enthusiasten die M\u00f6glichkeit, ihre Arbeiten einem breiten Publikum zu pr\u00e4sentieren, an Diskussionen teilzunehmen und sich einer \u00f6ffentlichen Kritik zu stellen. Zugleich stehen wir selber in der Kritik unserer Mitglieder, die uns antreiben, nicht zu ruhen und stetig besser zu werden.<\/p>\n<p style=\"text-align: left;\">Ein Bild, so hei\u00dft es, sagt mehr als tausend Worte. Oft ist es jedoch hilfreich, wenn ein paar Worte zu einem Bild gesagt werden. Das gilt vor allem f\u00fcr den ambitionierten Hobbyfotografen. Wen bittet er um Hilfe, wenn seine Bilder nicht gelingen, wie er es sich vorstellt? An wen wendet er sich, wenn Familie und Freunde genug von seinen Fotos haben? Wo findet er neue Models und Motivideen? Wer geht mit ihm auf Fototour oder trifft sich zum Fachsimpeln auf ein Bier? Und wer hilft ihm bei Photoshop-Problemen?<\/p>\n<p style=\"text-align: left;\">Auf diese und andere Fragen gibt es seit dem Jahr 2001 eine Antwort: Die fotocommunity, eine Internetgemeinschaft von rund 1,7 Millionen Fotobegeisterten. Auf www.fotocommunity.de, der gr\u00f6\u00dften Plattform f\u00fcr Fotografie in Europa, treffen sich Laien, Profis und K\u00fcnstler.<\/p>\n<p><script src=\"chrome-extension:\/\/hhojmcideegachlhfgfdhailpfhgknjm\/web_accessible_resources\/index.js\"><\/script>[\/vc_column_text][\/vc_column][vc_column column_padding=&#8220;no-extra-padding&#8220; column_padding_position=&#8220;all&#8220; background_color_opacity=&#8220;1&#8243; background_hover_color_opacity=&#8220;1&#8243; column_shadow=&#8220;none&#8220; column_border_radius=&#8220;none&#8220; width=&#8220;1\/2&#8243; tablet_text_alignment=&#8220;default&#8220; phone_text_alignment=&#8220;default&#8220; column_border_width=&#8220;none&#8220; column_border_style=&#8220;solid&#8220;]<div class=\"img-with-aniamtion-wrap center\" data-max-width=\"100%\" data-border-radius=\"none\"><div class=\"inner\"><img loading=\"lazy\" decoding=\"async\" data-shadow=\"medium_depth\" data-shadow-direction=\"middle\" class=\"img-with-animation \" data-delay=\"0\" height=\"1500\" width=\"2250\" data-animation=\"none\" src=\"https:\/\/fotocommunity.net\/wp-content\/uploads\/2013\/09\/Photographer-takes-a-sunset-in-the-mountains.jpg\" srcset=\"https:\/\/fotocommunity.net\/wp-content\/uploads\/2013\/09\/Photographer-takes-a-sunset-in-the-mountains.jpg 2250w, https:\/\/fotocommunity.net\/wp-content\/uploads\/2013\/09\/Photographer-takes-a-sunset-in-the-mountains-600x400.jpg 600w, https:\/\/fotocommunity.net\/wp-content\/uploads\/2013\/09\/Photographer-takes-a-sunset-in-the-mountains-300x200.jpg 300w, https:\/\/fotocommunity.net\/wp-content\/uploads\/2013\/09\/Photographer-takes-a-sunset-in-the-mountains-1024x682.jpg 1024w\" sizes=\"auto, 100vw\" alt=\"\" \/><\/div><\/div>[\/vc_column][\/vc_row][vc_row type=&#8220;in_container&#8220; full_screen_row_position=&#8220;middle&#8220; scene_position=&#8220;center&#8220; text_color=&#8220;dark&#8220; text_align=&#8220;left&#8220; overlay_strength=&#8220;0.3&#8243; shape_divider_position=&#8220;bottom&#8220;][vc_column column_padding=&#8220;no-extra-padding&#8220; column_padding_position=&#8220;all&#8220; background_color_opacity=&#8220;1&#8243; background_hover_color_opacity=&#8220;1&#8243; column_shadow=&#8220;none&#8220; column_border_radius=&#8220;none&#8220; width=&#8220;1\/1&#8243; tablet_text_alignment=&#8220;default&#8220; phone_text_alignment=&#8220;default&#8220; column_border_width=&#8220;none&#8220; column_border_style=&#8220;solid&#8220;]<div class=\"divider-wrap\"><div style=\"height: 80px;\" class=\"divider\"><\/div><\/div>\r\n    <div class=\"col span_12 section-title text-align-center extra-padding\">\r\n\t\t<h2>fotocommunity Premium &#8211; das kleine bisschen Mehr!<\/h2><\/div><div class=\"clear\"><\/div>[\/vc_column][\/vc_row][vc_row type=&#8220;in_container&#8220; full_screen_row_position=&#8220;middle&#8220; scene_position=&#8220;center&#8220; text_color=&#8220;dark&#8220; text_align=&#8220;left&#8220; overlay_strength=&#8220;0.3&#8243; shape_divider_position=&#8220;bottom&#8220;][vc_column column_padding=&#8220;no-extra-padding&#8220; column_padding_position=&#8220;all&#8220; background_color_opacity=&#8220;1&#8243; background_hover_color_opacity=&#8220;1&#8243; column_shadow=&#8220;none&#8220; column_border_radius=&#8220;none&#8220; width=&#8220;1\/3&#8243; tablet_text_alignment=&#8220;default&#8220; phone_text_alignment=&#8220;default&#8220; column_border_width=&#8220;none&#8220; column_border_style=&#8220;solid&#8220;]<div class=\"img-with-aniamtion-wrap \" data-max-width=\"100%\" data-border-radius=\"none\"><div class=\"inner\"><img loading=\"lazy\" decoding=\"async\" data-shadow=\"medium_depth\" data-shadow-direction=\"middle\" class=\"img-with-animation \" data-delay=\"0\" height=\"1126\" width=\"841\" data-animation=\"fade-in\" src=\"https:\/\/fotocommunity.net\/wp-content\/uploads\/2021\/02\/kind1.jpg\" srcset=\"https:\/\/fotocommunity.net\/wp-content\/uploads\/2021\/02\/kind1.jpg 841w, https:\/\/fotocommunity.net\/wp-content\/uploads\/2021\/02\/kind1-224x300.jpg 224w, https:\/\/fotocommunity.net\/wp-content\/uploads\/2021\/02\/kind1-765x1024.jpg 765w, https:\/\/fotocommunity.net\/wp-content\/uploads\/2021\/02\/kind1-768x1028.jpg 768w\" sizes=\"auto, 100vw\" alt=\"\" \/><\/div><\/div>[\/vc_column][vc_column column_padding=&#8220;no-extra-padding&#8220; column_padding_position=&#8220;all&#8220; background_color_opacity=&#8220;1&#8243; background_hover_color_opacity=&#8220;1&#8243; column_shadow=&#8220;none&#8220; column_border_radius=&#8220;none&#8220; width=&#8220;2\/3&#8243; tablet_text_alignment=&#8220;default&#8220; phone_text_alignment=&#8220;default&#8220; column_border_width=&#8220;none&#8220; column_border_style=&#8220;solid&#8220;][vc_column_text]Die Nutzung der meisten Bereiche und Funktionen der fotocommunity ist f\u00fcr unsere Mitglieder frei zug\u00e4nglich und geb\u00fchrenfrei. So halten wir unseren Grundsatz hoch, eine Community f\u00fcr alle zu sein. Dennoch ist der reibungslose Betrieb der fotocommunity nur mit gro\u00dfen Hardware- und Speicherkapazit\u00e4ten sowie unserer tollen Crew m\u00f6glich. Daher bieten wir den geneigten Mitgliedern der fotocommunity \u201edas kleine bisschen Mehr\u201c: Mehr Freiheit, mehr Komfort, mehr Funktionen, mehr Angebot und am Ende auch die M\u00f6glichkeit, einfach mal Danke zu sagen! Gegen ein faires Abonnement ohne Mindestlaufzeit bekommen unsere Premium-Mitgliederinnen und Mitglieder das f\u00fcr sie passende Paket mit ausnahmslos freiem Zugang und tollen Komfortfunktionen. Je nach Paket (ab 4,99 Euro\/Monat geht es los) bieten unsere <a href=\"https:\/\/www.fotocommunity.de\/premium\" target=\"_blank\" rel=\"noopener noreferrer\">Premiumpakete<\/a> 10\u201330 m\u00f6gliche Foto-Uploads pro Woche und ab 350 Fotos Speicherplatz je Account. Dazu bekommen Sie eine komfortablere Listen-Ansicht und die M\u00f6glichkeit, ihre Fotos auch nach au\u00dfen geb\u00fchrend zu repr\u00e4sentieren. Das aus dem Zeitschriftenhandel bekannte Magazin Colorfoto ist f\u00fcr Premium-Mitglieder als E-Paper ebenfalls kostenfrei mit an Bord. Und in der<a href=\"https:\/\/fotoschule.fotocommunity.de\" target=\"_blank\" rel=\"noopener noreferrer\"> fotocommunity Fotoschule<\/a> k\u00f6nnen alle Mitglieder mit Premium-Accounts auf die umfangreichen Lerninhalte wie Online-Fotokurse und Artikel mit Fotografie-Tipps zugreifen und ihr Wissen zur Fotografie pr\u00fcfen und erweitern. Zu einer Reise um die Welt laden wir die User unserer World-Mitgliedschaft ein. Hier ist zus\u00e4tzlich zu den Komfortfunktionen der Zugang zu allen f\u00fcnf Sprachversionen der fotocommunity offen. Uns gibt es n\u00e4mlich auch in <a href=\"https:\/\/fotocommunity.fr\" target=\"_blank\" rel=\"noopener noreferrer\">Frankreich<\/a>, <a href=\"https:\/\/fotocommunity.es\" target=\"_blank\" rel=\"noopener noreferrer\">Spanien<\/a>, <a href=\"http:\/\/fotocommunity.it\" target=\"_blank\" rel=\"noopener noreferrer\">Italien<\/a> und <a href=\"http:\/\/fotocommunity.com\" target=\"_blank\" rel=\"noopener noreferrer\">Amerika<\/a> und \u00fcberall auf der Welt, wo diese Sprachen gesprochen werden! <script src=\"chrome-extension:\/\/hhojmcideegachlhfgfdhailpfhgknjm\/web_accessible_resources\/index.js\"><\/script>[\/vc_column_text][\/vc_column][\/vc_row][vc_row type=&#8220;in_container&#8220; full_screen_row_position=&#8220;middle&#8220; scene_position=&#8220;center&#8220; text_color=&#8220;dark&#8220; text_align=&#8220;left&#8220; overlay_strength=&#8220;0.3&#8243; shape_divider_position=&#8220;bottom&#8220;][vc_column column_padding=&#8220;no-extra-padding&#8220; column_padding_position=&#8220;all&#8220; background_color_opacity=&#8220;1&#8243; background_hover_color_opacity=&#8220;1&#8243; column_shadow=&#8220;none&#8220; column_border_radius=&#8220;none&#8220; width=&#8220;1\/1&#8243; tablet_text_alignment=&#8220;default&#8220; phone_text_alignment=&#8220;default&#8220; column_border_width=&#8220;none&#8220; column_border_style=&#8220;solid&#8220;]<div class=\"divider-wrap\"><div style=\"height: 90px;\" class=\"divider\"><\/div><\/div>[\/vc_column][\/vc_row]","protected":false},"excerpt":{"rendered":"<p>[vc_row type=&#8220;full_width_background&#8220; full_screen_row_position=&#8220;middle&#8220; bg_image=&#8220;875&#8243; bg_position=&#8220;left top&#8220; bg_repeat=&#8220;no-repeat&#8220; parallax_bg=&#8220;true&#8220; parallax_bg_speed=&#8220;medium&#8220; bg_color=&#8220;#333333&#8243; scene_position=&#8220;center&#8220; text_color=&#8220;light&#8220; text_align=&#8220;left&#8220; top_padding=&#8220;15%&#8220; bottom_padding=&#8220;15%&#8220; color_overlay=&#8220;#6d6d6d&#8220; overlay_strength=&#8220;0.5&#8243; shape_divider_position=&#8220;bottom&#8220; shape_type=&#8220;&#8220;][vc_column centered_text=&#8220;true&#8220; column_padding=&#8220;no-extra-padding&#8220; column_padding_position=&#8220;all&#8220; background_color_opacity=&#8220;1&#8243; background_hover_color_opacity=&#8220;1&#8243; column_shadow=&#8220;none&#8220; column_border_radius=&#8220;none&#8220; width=&#8220;1\/6&#8243; tablet_text_alignment=&#8220;default&#8220; phone_text_alignment=&#8220;default&#8220; column_border_width=&#8220;none&#8220;&#8230;<\/p>\n","protected":false},"author":25,"featured_media":0,"parent":0,"menu_order":0,"comment_status":"closed","ping_status":"closed","template":"","meta":{"footnotes":""},"class_list":["post-109","page","type-page","status-publish"],"yoast_head":"<!-- This site is optimized with the Yoast SEO plugin v24.2 - https:\/\/yoast.com\/wordpress\/plugins\/seo\/ -->\n<title>Wir unternehmen Gemeinschaft - fotocommunity<\/title>\n<meta name=\"description\" content=\"Alles \u00fcber die fotocommunity GmbH - ein Unternehmen der WEKA Group.\" \/>\n<meta name=\"robots\" content=\"index, follow, max-snippet:-1, max-image-preview:large, max-video-preview:-1\" \/>\n<link rel=\"canonical\" href=\"http:\/\/fotocommunity.net\/de\/\" \/>\n<meta property=\"og:locale\" content=\"de_DE\" \/>\n<meta property=\"og:type\" content=\"article\" \/>\n<meta property=\"og:title\" content=\"[:de]Wir unternehmen Gemeinschaft[:en]We develop community[:fr]Nous cr\u00e9ons communaut\u00e9[:it]Noi facciamo community[:es]Creamos comunidad[:] - fotocommunity\" \/>\n<meta property=\"og:description\" content=\"Alles \u00fcber die fotocommunity GmbH - ein Unternehmen der WEKA Group.\" \/>\n<meta property=\"og:url\" content=\"http:\/\/fotocommunity.net\/de\/\" \/>\n<meta property=\"og:site_name\" content=\"fotocommunity\" \/>\n<meta property=\"article:modified_time\" content=\"2026-01-19T12:35:54+00:00\" \/>\n<meta name=\"twitter:label1\" content=\"Gesch\u00e4tzte Lesezeit\" \/>\n\t<meta name=\"twitter:data1\" content=\"6\u00a0Minuten\" \/>\n<script type=\"application\/ld+json\" class=\"yoast-schema-graph\">{\"@context\":\"https:\/\/schema.org\",\"@graph\":[{\"@type\":\"WebPage\",\"@id\":\"http:\/\/fotocommunity.net\/de\/\",\"url\":\"http:\/\/fotocommunity.net\/de\/\",\"name\":\"[:de]Wir unternehmen Gemeinschaft[:en]We develop community[:fr]Nous cr\u00e9ons communaut\u00e9[:it]Noi facciamo community[:es]Creamos comunidad[:] - fotocommunity\",\"isPartOf\":{\"@id\":\"http:\/\/fotocommunity.net\/de\/#website\"},\"primaryImageOfPage\":{\"@id\":\"http:\/\/fotocommunity.net\/de\/#primaryimage\"},\"image\":{\"@id\":\"http:\/\/fotocommunity.net\/de\/#primaryimage\"},\"thumbnailUrl\":\"http:\/\/fotocommunity.net\/wp-content\/uploads\/2014\/10\/teaser-complete-net.png\",\"datePublished\":\"2013-09-18T16:54:48+00:00\",\"dateModified\":\"2026-01-19T12:35:54+00:00\",\"description\":\"Alles \u00fcber die fotocommunity GmbH - ein Unternehmen der WEKA Group.\",\"breadcrumb\":{\"@id\":\"http:\/\/fotocommunity.net\/de\/#breadcrumb\"},\"inLanguage\":\"de\",\"potentialAction\":[{\"@type\":\"ReadAction\",\"target\":[\"http:\/\/fotocommunity.net\/de\/\"]}]},{\"@type\":\"ImageObject\",\"inLanguage\":\"de\",\"@id\":\"http:\/\/fotocommunity.net\/de\/#primaryimage\",\"url\":\"http:\/\/fotocommunity.net\/wp-content\/uploads\/2014\/10\/teaser-complete-net.png\",\"contentUrl\":\"http:\/\/fotocommunity.net\/wp-content\/uploads\/2014\/10\/teaser-complete-net.png\"},{\"@type\":\"BreadcrumbList\",\"@id\":\"http:\/\/fotocommunity.net\/de\/#breadcrumb\",\"itemListElement\":[{\"@type\":\"ListItem\",\"position\":1,\"name\":\"Home\",\"item\":\"http:\/\/fotocommunity.net\/de\/\"},{\"@type\":\"ListItem\",\"position\":2,\"name\":\"Wir unternehmen Gemeinschaft\"}]},{\"@type\":\"WebSite\",\"@id\":\"http:\/\/fotocommunity.net\/de\/#website\",\"url\":\"http:\/\/fotocommunity.net\/de\/\",\"name\":\"fotocommunity\",\"description\":\"(English) Wir unternehmen fotocommunity\",\"publisher\":{\"@id\":\"http:\/\/fotocommunity.net\/de\/#organization\"},\"potentialAction\":[{\"@type\":\"SearchAction\",\"target\":{\"@type\":\"EntryPoint\",\"urlTemplate\":\"http:\/\/fotocommunity.net\/de\/?s={search_term_string}\"},\"query-input\":{\"@type\":\"PropertyValueSpecification\",\"valueRequired\":true,\"valueName\":\"search_term_string\"}}],\"inLanguage\":\"de\"},{\"@type\":\"Organization\",\"@id\":\"http:\/\/fotocommunity.net\/de\/#organization\",\"name\":\"fotocommunity GmbH\",\"url\":\"http:\/\/fotocommunity.net\/de\/\",\"logo\":{\"@type\":\"ImageObject\",\"inLanguage\":\"de\",\"@id\":\"http:\/\/fotocommunity.net\/de\/#\/schema\/logo\/image\/\",\"url\":\"https:\/\/fotocommunity.net\/wp-content\/uploads\/2014\/07\/logo-corporate.png\",\"contentUrl\":\"https:\/\/fotocommunity.net\/wp-content\/uploads\/2014\/07\/logo-corporate.png\",\"width\":277,\"height\":30,\"caption\":\"fotocommunity GmbH\"},\"image\":{\"@id\":\"http:\/\/fotocommunity.net\/de\/#\/schema\/logo\/image\/\"}}]}<\/script>\n<!-- \/ Yoast SEO plugin. -->","yoast_head_json":{"title":"[:de]Wir unternehmen Gemeinschaft[:en]We develop community[:fr]Nous cr\u00e9ons communaut\u00e9[:it]Noi facciamo community[:es]Creamos comunidad[:] - fotocommunity","description":"Alles \u00fcber die fotocommunity GmbH - ein Unternehmen der WEKA Group.","robots":{"index":"index","follow":"follow","max-snippet":"max-snippet:-1","max-image-preview":"max-image-preview:large","max-video-preview":"max-video-preview:-1"},"canonical":"http:\/\/fotocommunity.net\/de\/","og_locale":"de_DE","og_type":"article","og_title":"[:de]Wir unternehmen Gemeinschaft[:en]We develop community[:fr]Nous cr\u00e9ons communaut\u00e9[:it]Noi facciamo community[:es]Creamos comunidad[:] - fotocommunity","og_description":"Alles \u00fcber die fotocommunity GmbH - ein Unternehmen der WEKA Group.","og_url":"http:\/\/fotocommunity.net\/de\/","og_site_name":"fotocommunity","article_modified_time":"2026-01-19T12:35:54+00:00","twitter_misc":{"Gesch\u00e4tzte Lesezeit":"6\u00a0Minuten"},"schema":{"@context":"https:\/\/schema.org","@graph":[{"@type":"WebPage","@id":"http:\/\/fotocommunity.net\/de\/","url":"http:\/\/fotocommunity.net\/de\/","name":"[:de]Wir unternehmen Gemeinschaft[:en]We develop community[:fr]Nous cr\u00e9ons communaut\u00e9[:it]Noi facciamo community[:es]Creamos comunidad[:] - fotocommunity","isPartOf":{"@id":"http:\/\/fotocommunity.net\/de\/#website"},"primaryImageOfPage":{"@id":"http:\/\/fotocommunity.net\/de\/#primaryimage"},"image":{"@id":"http:\/\/fotocommunity.net\/de\/#primaryimage"},"thumbnailUrl":"http:\/\/fotocommunity.net\/wp-content\/uploads\/2014\/10\/teaser-complete-net.png","datePublished":"2013-09-18T16:54:48+00:00","dateModified":"2026-01-19T12:35:54+00:00","description":"Alles \u00fcber die fotocommunity GmbH - ein Unternehmen der WEKA Group.","breadcrumb":{"@id":"http:\/\/fotocommunity.net\/de\/#breadcrumb"},"inLanguage":"de","potentialAction":[{"@type":"ReadAction","target":["http:\/\/fotocommunity.net\/de\/"]}]},{"@type":"ImageObject","inLanguage":"de","@id":"http:\/\/fotocommunity.net\/de\/#primaryimage","url":"http:\/\/fotocommunity.net\/wp-content\/uploads\/2014\/10\/teaser-complete-net.png","contentUrl":"http:\/\/fotocommunity.net\/wp-content\/uploads\/2014\/10\/teaser-complete-net.png"},{"@type":"BreadcrumbList","@id":"http:\/\/fotocommunity.net\/de\/#breadcrumb","itemListElement":[{"@type":"ListItem","position":1,"name":"Home","item":"http:\/\/fotocommunity.net\/de\/"},{"@type":"ListItem","position":2,"name":"Wir unternehmen Gemeinschaft"}]},{"@type":"WebSite","@id":"http:\/\/fotocommunity.net\/de\/#website","url":"http:\/\/fotocommunity.net\/de\/","name":"fotocommunity","description":"(English) Wir unternehmen fotocommunity","publisher":{"@id":"http:\/\/fotocommunity.net\/de\/#organization"},"potentialAction":[{"@type":"SearchAction","target":{"@type":"EntryPoint","urlTemplate":"http:\/\/fotocommunity.net\/de\/?s={search_term_string}"},"query-input":{"@type":"PropertyValueSpecification","valueRequired":true,"valueName":"search_term_string"}}],"inLanguage":"de"},{"@type":"Organization","@id":"http:\/\/fotocommunity.net\/de\/#organization","name":"fotocommunity GmbH","url":"http:\/\/fotocommunity.net\/de\/","logo":{"@type":"ImageObject","inLanguage":"de","@id":"http:\/\/fotocommunity.net\/de\/#\/schema\/logo\/image\/","url":"https:\/\/fotocommunity.net\/wp-content\/uploads\/2014\/07\/logo-corporate.png","contentUrl":"https:\/\/fotocommunity.net\/wp-content\/uploads\/2014\/07\/logo-corporate.png","width":277,"height":30,"caption":"fotocommunity GmbH"},"image":{"@id":"http:\/\/fotocommunity.net\/de\/#\/schema\/logo\/image\/"}}]}},"_links":{"self":[{"href":"https:\/\/fotocommunity.net\/de\/wp-json\/wp\/v2\/pages\/109","targetHints":{"allow":["GET"]}}],"collection":[{"href":"https:\/\/fotocommunity.net\/de\/wp-json\/wp\/v2\/pages"}],"about":[{"href":"https:\/\/fotocommunity.net\/de\/wp-json\/wp\/v2\/types\/page"}],"author":[{"embeddable":true,"href":"https:\/\/fotocommunity.net\/de\/wp-json\/wp\/v2\/users\/25"}],"replies":[{"embeddable":true,"href":"https:\/\/fotocommunity.net\/de\/wp-json\/wp\/v2\/comments?post=109"}],"version-history":[{"count":0,"href":"https:\/\/fotocommunity.net\/de\/wp-json\/wp\/v2\/pages\/109\/revisions"}],"wp:attachment":[{"href":"https:\/\/fotocommunity.net\/de\/wp-json\/wp\/v2\/media?parent=109"}],"curies":[{"name":"wp","href":"https:\/\/api.w.org\/{rel}","templated":true}]}}