{"id":36,"date":"2013-09-18T09:42:30","date_gmt":"2013-09-18T09:42:30","guid":{"rendered":"http:\/\/fccorporate.wpengine.com\/wordpress\/?page_id=36"},"modified":"2025-06-23T10:11:54","modified_gmt":"2025-06-23T08:11:54","slug":"pressematerialien","status":"publish","type":"page","link":"https:\/\/fotocommunity.net\/fr\/presse\/les-documents-de-presse\/","title":{"rendered":"Les documents de presse"},"content":{"rendered":"[vc_row type=\u00a0\u00bbfull_width_background\u00a0\u00bb bg_color=\u00a0\u00bb#39a9e0&Prime; scene_position=\u00a0\u00bbcenter\u00a0\u00bb text_color=\u00a0\u00bblight\u00a0\u00bb text_align=\u00a0\u00bbleft\u00a0\u00bb top_padding=\u00a0\u00bb20&Prime; bottom_padding=\u00a0\u00bb20&Prime;][vc_column column_padding=\u00a0\u00bbno-extra-padding\u00a0\u00bb column_padding_position=\u00a0\u00bball\u00a0\u00bb background_color_opacity=\u00a0\u00bb1&Prime; background_hover_color_opacity=\u00a0\u00bb1&Prime; width=\u00a0\u00bb1\/1&Prime;][vc_column_text]\n<h1><span style=\"color: #ffffff;\">Les documents de presse<\/span><\/h1>\n[\/vc_column_text][\/vc_column][\/vc_row][vc_row type=\u00a0\u00bbin_container\u00a0\u00bb scene_position=\u00a0\u00bbcenter\u00a0\u00bb text_color=\u00a0\u00bbdark\u00a0\u00bb text_align=\u00a0\u00bbleft\u00a0\u00bb][vc_column column_padding=\u00a0\u00bbno-extra-padding\u00a0\u00bb column_padding_position=\u00a0\u00bball\u00a0\u00bb background_color_opacity=\u00a0\u00bb1&Prime; background_hover_color_opacity=\u00a0\u00bb1&Prime; width=\u00a0\u00bb3\/4&Prime;][vc_column_text]\n<h2>Logos<\/h2>\n<p>Das fotocommunity-Logo darf in seiner Farb- bzw. Formgebung sowie inhaltlich nicht ver\u00e4ndert werden. Sollten Sie ein anderes Format oder eine andere Version ben\u00f6tigen, z\u00f6gern Sie nicht, uns dies mitzuteilen.<\/p>\n<h4>Logo Standalone auf hellem Hintergrund<\/h4>\n<p><img loading=\"lazy\" decoding=\"async\" class=\"alignnone size-full wp-image-591\" src=\"\/wp-content\/uploads\/2014\/09\/vorschau_logostandalonehellerbg.png\" alt=\"\" width=\"236\" height=\"38\" \/><br \/>\n<a class=\"nectar-button small accent-color regular-button\" target=\"_blank\" href=\"\/wp-content\/uploads\/2014\/09\/logo_standalone_hell.eps\" data-color-override=\"false\" data-hover-color-override=\"false\" data-hover-text-color-override=\"#fff\"><span>.EPS herunterladen<\/span><\/a>\u00a0<a class=\"nectar-button small accent-color regular-button\" target=\"_blank\" href=\"\/wp-content\/uploads\/2014\/09\/logo_standalone_hell.png\" data-color-override=\"false\" data-hover-color-override=\"false\" data-hover-text-color-override=\"#fff\" rel=\"lightbox[36]\"><span>.PNG herunterladen<\/span><\/a>\n<h4>Logo Standalone auf dunklem Hintergrund<\/h4>\n<p><img loading=\"lazy\" decoding=\"async\" class=\"alignnone size-full wp-image-589\" src=\"\/wp-content\/uploads\/2014\/09\/vorschau_logostandalonedunklerbg_01.png\" alt=\"\" width=\"236\" height=\"38\" \/><br \/>\n<a class=\"nectar-button small accent-color regular-button\" target=\"_blank\" href=\"\/wp-content\/uploads\/2014\/09\/logo_standalone_dunkel.eps\" data-color-override=\"false\" data-hover-color-override=\"false\" data-hover-text-color-override=\"#fff\"><span>.EPS herunterladen<\/span><\/a>\u00a0<a class=\"nectar-button small accent-color regular-button\" target=\"_blank\" href=\"\/wp-content\/uploads\/2014\/09\/logo_standalone_dunkel.png\" data-color-override=\"false\" data-hover-color-override=\"false\" data-hover-text-color-override=\"#fff\" rel=\"lightbox[36]\"><span>.PNG herunterladen<\/span><\/a>[\/vc_column_text][\/vc_column][vc_column column_padding=\u00a0\u00bbno-extra-padding\u00a0\u00bb column_padding_position=\u00a0\u00bball\u00a0\u00bb background_color_opacity=\u00a0\u00bb1&Prime; background_hover_color_opacity=\u00a0\u00bb1&Prime; width=\u00a0\u00bb1\/4&Prime;][vc_column_text]\n<h3>Contact<\/h3>\n<div class=\"team-member\" data-style=\"\"><img decoding=\"async\" alt=\"Javor Milev\" src=\"http:\/\/fotocommunity.net\/wp-content\/uploads\/2013\/09\/javor-milev-1.jpg\" title=\"Javor Milev\" \/><h4 class=\"light\">Javor Milev<\/h4><div class=\"position\">Responsable Business Development &amp; Marketing<\/div><p class=\"description\">Br\u00fcgelmannstra\u00dfe 3<br \/>\n50679 K\u00f6ln<br \/>\nT\u00e9l\u00e9phone +49 (221) 677757-0<br \/>\nFax +49 (221) 677757-19<br \/>\npresse@fotocommunity.net<\/p><\/div>[\/vc_column_text][\/vc_column][\/vc_row][vc_row type=\u00a0\u00bbin_container\u00a0\u00bb scene_position=\u00a0\u00bbcenter\u00a0\u00bb text_color=\u00a0\u00bbdark\u00a0\u00bb text_align=\u00a0\u00bbleft\u00a0\u00bb][vc_column column_padding=\u00a0\u00bbno-extra-padding\u00a0\u00bb column_padding_position=\u00a0\u00bball\u00a0\u00bb background_color_opacity=\u00a0\u00bb1&Prime; background_hover_color_opacity=\u00a0\u00bb1&Prime; width=\u00a0\u00bb1\/1&Prime;][vc_column_text]\n<p>&nbsp;<\/p>\n<h2>Screenshots<\/h2>\n<p><img loading=\"lazy\" decoding=\"async\" class=\"alignleft wp-image-1242 size-full\" src=\"http:\/\/fotocommunity.net\/wp-content\/uploads\/2019\/02\/Screenshot_Fc.png\" alt=\"\" width=\"348\" height=\"1562\" srcset=\"https:\/\/fotocommunity.net\/wp-content\/uploads\/2019\/02\/Screenshot_Fc.png 348w, https:\/\/fotocommunity.net\/wp-content\/uploads\/2019\/02\/Screenshot_Fc-67x300.png 67w, https:\/\/fotocommunity.net\/wp-content\/uploads\/2019\/02\/Screenshot_Fc-228x1024.png 228w\" sizes=\"auto, (max-width: 348px) 100vw, 348px\" \/><\/p>\n<p><strong>Download Screenshot .de<\/strong> <a class=\"nectar-button small accent-color regular-button\" target=\"_blank\" href=\"\/wp-content\/uploads\/2019\/02\/fotocommunity-startseite_de.png\" data-color-override=\"false\" data-hover-color-override=\"false\" data-hover-text-color-override=\"#fff\" rel=\"lightbox[36]\"><span>Herunterladen (1657x7430px, 4MB)<\/span><\/a>\n<p><strong>Download Screenshot .fr<\/strong> <a class=\"nectar-button small accent-color regular-button\" target=\"_blank\" href=\"\/wp-content\/uploads\/2019\/02\/fotocommunity-startseite_fr.png\" data-color-override=\"false\" data-hover-color-override=\"false\" data-hover-text-color-override=\"#fff\" rel=\"lightbox[36]\"><span>Herunterladen (1657x7009px, 4MB)<\/span><\/a>\n<p><strong>Download Screenshot .it<\/strong> <a class=\"nectar-button small accent-color regular-button\" target=\"_blank\" href=\"\/wp-content\/uploads\/2019\/02\/fotocommunity-startseite_it.png\" data-color-override=\"false\" data-hover-color-override=\"false\" data-hover-text-color-override=\"#fff\" rel=\"lightbox[36]\"><span>Herunterladen<br \/>\n(1657x6593px, 4 MB)<\/span><\/a>\n<p><strong>Download Screenshot .es<\/strong> <a class=\"nectar-button small accent-color regular-button\" target=\"_blank\" href=\"\/wp-content\/uploads\/2019\/02\/fotocommunity-startseite_es.png\" data-color-override=\"false\" data-hover-color-override=\"false\" data-hover-text-color-override=\"#fff\" rel=\"lightbox[36]\"><span>Herunterladen (1657x6649px, 4MB)<\/span><\/a>\n<p><strong>Download Screenshot .com<\/strong> <a class=\"nectar-button small accent-color regular-button\" target=\"_blank\" href=\"\/wp-content\/uploads\/2019\/02\/fotocommunity-startseite_com.png\" data-color-override=\"false\" data-hover-color-override=\"false\" data-hover-text-color-override=\"#fff\" rel=\"lightbox[36]\"><span>Herunterladen (1657x6638px, 4MB)<\/span><\/a>[\/vc_column_text][\/vc_column][\/vc_row]","protected":false},"excerpt":{"rendered":"<p>[vc_row type=\u00a0\u00bbfull_width_background\u00a0\u00bb bg_color=\u00a0\u00bb#39a9e0&Prime; scene_position=\u00a0\u00bbcenter\u00a0\u00bb text_color=\u00a0\u00bblight\u00a0\u00bb text_align=\u00a0\u00bbleft\u00a0\u00bb top_padding=\u00a0\u00bb20&Prime; bottom_padding=\u00a0\u00bb20&Prime;][vc_column column_padding=\u00a0\u00bbno-extra-padding\u00a0\u00bb column_padding_position=\u00a0\u00bball\u00a0\u00bb background_color_opacity=\u00a0\u00bb1&Prime; background_hover_color_opacity=\u00a0\u00bb1&Prime; width=\u00a0\u00bb1\/1&Prime;][vc_column_text] Les documents de presse [\/vc_column_text][\/vc_column][\/vc_row][vc_row type=\u00a0\u00bbin_container\u00a0\u00bb scene_position=\u00a0\u00bbcenter\u00a0\u00bb text_color=\u00a0\u00bbdark\u00a0\u00bb text_align=\u00a0\u00bbleft\u00a0\u00bb][vc_column column_padding=\u00a0\u00bbno-extra-padding\u00a0\u00bb column_padding_position=\u00a0\u00bball\u00a0\u00bb background_color_opacity=\u00a0\u00bb1&Prime; background_hover_color_opacity=\u00a0\u00bb1&Prime; width=\u00a0\u00bb3\/4&Prime;][vc_column_text] Logos Das fotocommunity-Logo&#8230;<\/p>\n","protected":false},"author":25,"featured_media":0,"parent":8,"menu_order":0,"comment_status":"closed","ping_status":"closed","template":"","meta":{"footnotes":""},"class_list":["post-36","page","type-page","status-publish"],"yoast_head":"<!-- This site is optimized with the Yoast SEO plugin v24.2 - https:\/\/yoast.com\/wordpress\/plugins\/seo\/ -->\n<title>Les documents de presse - fotocommunity<\/title>\n<meta name=\"robots\" content=\"index, follow, max-snippet:-1, max-image-preview:large, max-video-preview:-1\" \/>\n<link rel=\"canonical\" href=\"http:\/\/fotocommunity.net\/de\/presse\/pressematerialien\/\" \/>\n<meta property=\"og:locale\" content=\"fr_FR\" \/>\n<meta property=\"og:type\" content=\"article\" \/>\n<meta property=\"og:title\" content=\"[:de]Pressematerialien[:en]Press materials[:fr]Les documents de presse[:it]Materiali di stampa[:es]Material de prensa[:] - fotocommunity\" \/>\n<meta property=\"og:description\" content=\"[vc_row type=\u00a0\u00bbfull_width_background\u00a0\u00bb bg_color=\u00a0\u00bb#39a9e0&Prime; scene_position=\u00a0\u00bbcenter\u00a0\u00bb text_color=\u00a0\u00bblight\u00a0\u00bb text_align=\u00a0\u00bbleft\u00a0\u00bb top_padding=\u00a0\u00bb20&Prime; bottom_padding=\u00a0\u00bb20&Prime;][vc_column column_padding=\u00a0\u00bbno-extra-padding\u00a0\u00bb column_padding_position=\u00a0\u00bball\u00a0\u00bb background_color_opacity=\u00a0\u00bb1&Prime; background_hover_color_opacity=\u00a0\u00bb1&Prime; width=\u00a0\u00bb1\/1&Prime;][vc_column_text] Les documents de presse [\/vc_column_text][\/vc_column][\/vc_row][vc_row type=\u00a0\u00bbin_container\u00a0\u00bb scene_position=\u00a0\u00bbcenter\u00a0\u00bb text_color=\u00a0\u00bbdark\u00a0\u00bb text_align=\u00a0\u00bbleft\u00a0\u00bb][vc_column column_padding=\u00a0\u00bbno-extra-padding\u00a0\u00bb column_padding_position=\u00a0\u00bball\u00a0\u00bb background_color_opacity=\u00a0\u00bb1&Prime; background_hover_color_opacity=\u00a0\u00bb1&Prime; width=\u00a0\u00bb3\/4&Prime;][vc_column_text] Logos Das fotocommunity-Logo...\" \/>\n<meta property=\"og:url\" content=\"http:\/\/fotocommunity.net\/de\/presse\/pressematerialien\/\" \/>\n<meta property=\"og:site_name\" content=\"fotocommunity\" \/>\n<meta property=\"article:modified_time\" content=\"2025-06-23T08:11:54+00:00\" \/>\n<meta property=\"og:image\" content=\"http:\/\/fotocommunity.net\/wp-content\/uploads\/2025\/01\/fotocommunity_de.png\" \/>\n<meta name=\"twitter:label1\" content=\"Dur\u00e9e de lecture estim\u00e9e\" \/>\n\t<meta name=\"twitter:data1\" content=\"2 minutes\" \/>\n<script type=\"application\/ld+json\" class=\"yoast-schema-graph\">{\"@context\":\"https:\/\/schema.org\",\"@graph\":[{\"@type\":\"WebPage\",\"@id\":\"http:\/\/fotocommunity.net\/de\/presse\/pressematerialien\/\",\"url\":\"http:\/\/fotocommunity.net\/de\/presse\/pressematerialien\/\",\"name\":\"[:de]Pressematerialien[:en]Press materials[:fr]Les documents de presse[:it]Materiali di stampa[:es]Material de prensa[:] - fotocommunity\",\"isPartOf\":{\"@id\":\"http:\/\/fotocommunity.net\/de\/#website\"},\"primaryImageOfPage\":{\"@id\":\"http:\/\/fotocommunity.net\/de\/presse\/pressematerialien\/#primaryimage\"},\"image\":{\"@id\":\"http:\/\/fotocommunity.net\/de\/presse\/pressematerialien\/#primaryimage\"},\"thumbnailUrl\":\"http:\/\/fotocommunity.net\/wp-content\/uploads\/2025\/01\/fotocommunity_de.png\",\"datePublished\":\"2013-09-18T09:42:30+00:00\",\"dateModified\":\"2025-06-23T08:11:54+00:00\",\"breadcrumb\":{\"@id\":\"http:\/\/fotocommunity.net\/de\/presse\/pressematerialien\/#breadcrumb\"},\"inLanguage\":\"fr-FR\",\"potentialAction\":[{\"@type\":\"ReadAction\",\"target\":[\"http:\/\/fotocommunity.net\/de\/presse\/pressematerialien\/\"]}]},{\"@type\":\"ImageObject\",\"inLanguage\":\"fr-FR\",\"@id\":\"http:\/\/fotocommunity.net\/de\/presse\/pressematerialien\/#primaryimage\",\"url\":\"http:\/\/fotocommunity.net\/wp-content\/uploads\/2025\/01\/fotocommunity_de.png\",\"contentUrl\":\"http:\/\/fotocommunity.net\/wp-content\/uploads\/2025\/01\/fotocommunity_de.png\"},{\"@type\":\"BreadcrumbList\",\"@id\":\"http:\/\/fotocommunity.net\/de\/presse\/pressematerialien\/#breadcrumb\",\"itemListElement\":[{\"@type\":\"ListItem\",\"position\":1,\"name\":\"Home\",\"item\":\"http:\/\/fotocommunity.net\/de\/\"},{\"@type\":\"ListItem\",\"position\":2,\"name\":\"Presse\",\"item\":\"http:\/\/fotocommunity.net\/de\/presse\/\"},{\"@type\":\"ListItem\",\"position\":3,\"name\":\"Pressematerialien\"}]},{\"@type\":\"WebSite\",\"@id\":\"http:\/\/fotocommunity.net\/de\/#website\",\"url\":\"http:\/\/fotocommunity.net\/de\/\",\"name\":\"fotocommunity\",\"description\":\"Wir unternehmen fotocommunity\",\"publisher\":{\"@id\":\"http:\/\/fotocommunity.net\/de\/#organization\"},\"potentialAction\":[{\"@type\":\"SearchAction\",\"target\":{\"@type\":\"EntryPoint\",\"urlTemplate\":\"http:\/\/fotocommunity.net\/de\/?s={search_term_string}\"},\"query-input\":{\"@type\":\"PropertyValueSpecification\",\"valueRequired\":true,\"valueName\":\"search_term_string\"}}],\"inLanguage\":\"fr-FR\"},{\"@type\":\"Organization\",\"@id\":\"http:\/\/fotocommunity.net\/de\/#organization\",\"name\":\"fotocommunity GmbH\",\"url\":\"http:\/\/fotocommunity.net\/de\/\",\"logo\":{\"@type\":\"ImageObject\",\"inLanguage\":\"fr-FR\",\"@id\":\"http:\/\/fotocommunity.net\/de\/#\/schema\/logo\/image\/\",\"url\":\"https:\/\/fotocommunity.net\/wp-content\/uploads\/2014\/07\/logo-corporate.png\",\"contentUrl\":\"https:\/\/fotocommunity.net\/wp-content\/uploads\/2014\/07\/logo-corporate.png\",\"width\":277,\"height\":30,\"caption\":\"fotocommunity GmbH\"},\"image\":{\"@id\":\"http:\/\/fotocommunity.net\/de\/#\/schema\/logo\/image\/\"}}]}<\/script>\n<!-- \/ Yoast SEO plugin. -->","yoast_head_json":{"title":"[:de]Pressematerialien[:en]Press materials[:fr]Les documents de presse[:it]Materiali di stampa[:es]Material de prensa[:] - fotocommunity","robots":{"index":"index","follow":"follow","max-snippet":"max-snippet:-1","max-image-preview":"max-image-preview:large","max-video-preview":"max-video-preview:-1"},"canonical":"http:\/\/fotocommunity.net\/de\/presse\/pressematerialien\/","og_locale":"fr_FR","og_type":"article","og_title":"[:de]Pressematerialien[:en]Press materials[:fr]Les documents de presse[:it]Materiali di stampa[:es]Material de prensa[:] - fotocommunity","og_description":"[vc_row type=\u00a0\u00bbfull_width_background\u00a0\u00bb bg_color=\u00a0\u00bb#39a9e0&Prime; scene_position=\u00a0\u00bbcenter\u00a0\u00bb text_color=\u00a0\u00bblight\u00a0\u00bb text_align=\u00a0\u00bbleft\u00a0\u00bb top_padding=\u00a0\u00bb20&Prime; bottom_padding=\u00a0\u00bb20&Prime;][vc_column column_padding=\u00a0\u00bbno-extra-padding\u00a0\u00bb column_padding_position=\u00a0\u00bball\u00a0\u00bb background_color_opacity=\u00a0\u00bb1&Prime; background_hover_color_opacity=\u00a0\u00bb1&Prime; width=\u00a0\u00bb1\/1&Prime;][vc_column_text] Les documents de presse [\/vc_column_text][\/vc_column][\/vc_row][vc_row type=\u00a0\u00bbin_container\u00a0\u00bb scene_position=\u00a0\u00bbcenter\u00a0\u00bb text_color=\u00a0\u00bbdark\u00a0\u00bb text_align=\u00a0\u00bbleft\u00a0\u00bb][vc_column column_padding=\u00a0\u00bbno-extra-padding\u00a0\u00bb column_padding_position=\u00a0\u00bball\u00a0\u00bb background_color_opacity=\u00a0\u00bb1&Prime; background_hover_color_opacity=\u00a0\u00bb1&Prime; width=\u00a0\u00bb3\/4&Prime;][vc_column_text] Logos Das fotocommunity-Logo...","og_url":"http:\/\/fotocommunity.net\/de\/presse\/pressematerialien\/","og_site_name":"fotocommunity","article_modified_time":"2025-06-23T08:11:54+00:00","og_image":[{"url":"http:\/\/fotocommunity.net\/wp-content\/uploads\/2025\/01\/fotocommunity_de.png","type":"","width":"","height":""}],"twitter_misc":{"Dur\u00e9e de lecture estim\u00e9e":"2 minutes"},"schema":{"@context":"https:\/\/schema.org","@graph":[{"@type":"WebPage","@id":"http:\/\/fotocommunity.net\/de\/presse\/pressematerialien\/","url":"http:\/\/fotocommunity.net\/de\/presse\/pressematerialien\/","name":"[:de]Pressematerialien[:en]Press materials[:fr]Les documents de presse[:it]Materiali di stampa[:es]Material de prensa[:] - fotocommunity","isPartOf":{"@id":"http:\/\/fotocommunity.net\/de\/#website"},"primaryImageOfPage":{"@id":"http:\/\/fotocommunity.net\/de\/presse\/pressematerialien\/#primaryimage"},"image":{"@id":"http:\/\/fotocommunity.net\/de\/presse\/pressematerialien\/#primaryimage"},"thumbnailUrl":"http:\/\/fotocommunity.net\/wp-content\/uploads\/2025\/01\/fotocommunity_de.png","datePublished":"2013-09-18T09:42:30+00:00","dateModified":"2025-06-23T08:11:54+00:00","breadcrumb":{"@id":"http:\/\/fotocommunity.net\/de\/presse\/pressematerialien\/#breadcrumb"},"inLanguage":"fr-FR","potentialAction":[{"@type":"ReadAction","target":["http:\/\/fotocommunity.net\/de\/presse\/pressematerialien\/"]}]},{"@type":"ImageObject","inLanguage":"fr-FR","@id":"http:\/\/fotocommunity.net\/de\/presse\/pressematerialien\/#primaryimage","url":"http:\/\/fotocommunity.net\/wp-content\/uploads\/2025\/01\/fotocommunity_de.png","contentUrl":"http:\/\/fotocommunity.net\/wp-content\/uploads\/2025\/01\/fotocommunity_de.png"},{"@type":"BreadcrumbList","@id":"http:\/\/fotocommunity.net\/de\/presse\/pressematerialien\/#breadcrumb","itemListElement":[{"@type":"ListItem","position":1,"name":"Home","item":"http:\/\/fotocommunity.net\/de\/"},{"@type":"ListItem","position":2,"name":"Presse","item":"http:\/\/fotocommunity.net\/de\/presse\/"},{"@type":"ListItem","position":3,"name":"Pressematerialien"}]},{"@type":"WebSite","@id":"http:\/\/fotocommunity.net\/de\/#website","url":"http:\/\/fotocommunity.net\/de\/","name":"fotocommunity","description":"Wir unternehmen fotocommunity","publisher":{"@id":"http:\/\/fotocommunity.net\/de\/#organization"},"potentialAction":[{"@type":"SearchAction","target":{"@type":"EntryPoint","urlTemplate":"http:\/\/fotocommunity.net\/de\/?s={search_term_string}"},"query-input":{"@type":"PropertyValueSpecification","valueRequired":true,"valueName":"search_term_string"}}],"inLanguage":"fr-FR"},{"@type":"Organization","@id":"http:\/\/fotocommunity.net\/de\/#organization","name":"fotocommunity GmbH","url":"http:\/\/fotocommunity.net\/de\/","logo":{"@type":"ImageObject","inLanguage":"fr-FR","@id":"http:\/\/fotocommunity.net\/de\/#\/schema\/logo\/image\/","url":"https:\/\/fotocommunity.net\/wp-content\/uploads\/2014\/07\/logo-corporate.png","contentUrl":"https:\/\/fotocommunity.net\/wp-content\/uploads\/2014\/07\/logo-corporate.png","width":277,"height":30,"caption":"fotocommunity GmbH"},"image":{"@id":"http:\/\/fotocommunity.net\/de\/#\/schema\/logo\/image\/"}}]}},"_links":{"self":[{"href":"https:\/\/fotocommunity.net\/fr\/wp-json\/wp\/v2\/pages\/36","targetHints":{"allow":["GET"]}}],"collection":[{"href":"https:\/\/fotocommunity.net\/fr\/wp-json\/wp\/v2\/pages"}],"about":[{"href":"https:\/\/fotocommunity.net\/fr\/wp-json\/wp\/v2\/types\/page"}],"author":[{"embeddable":true,"href":"https:\/\/fotocommunity.net\/fr\/wp-json\/wp\/v2\/users\/25"}],"replies":[{"embeddable":true,"href":"https:\/\/fotocommunity.net\/fr\/wp-json\/wp\/v2\/comments?post=36"}],"version-history":[{"count":0,"href":"https:\/\/fotocommunity.net\/fr\/wp-json\/wp\/v2\/pages\/36\/revisions"}],"up":[{"embeddable":true,"href":"https:\/\/fotocommunity.net\/fr\/wp-json\/wp\/v2\/pages\/8"}],"wp:attachment":[{"href":"https:\/\/fotocommunity.net\/fr\/wp-json\/wp\/v2\/media?parent=36"}],"curies":[{"name":"wp","href":"https:\/\/api.w.org\/{rel}","templated":true}]}}